{"id":4737,"date":"2026-08-22T10:41:22","date_gmt":"2026-08-22T10:41:22","guid":{"rendered":"https:\/\/zenodistribution.com\/?post_type=product&#038;p=4737"},"modified":"2026-08-22T10:41:22","modified_gmt":"2026-08-22T10:41:22","slug":"casque-velo-abus-hud-y-ace","status":"publish","type":"product","link":"https:\/\/zenodistribution.com\/en\/product\/casque-velo-abus-hud-y-ace\/","title":{"rendered":"Casque v\u00e9lo Abus Hud-Y ACE velours noir M 52-58 cm"},"content":{"rendered":"<h2 class=\"chakra-heading mxd-product-detail-layout-heading pdfi-kbivdx\">Casque v\u00e9lo Abus Hud-Y ACE velours noir M 52-58 cm<\/h2>\n<h2 class=\"chakra-heading pdfi-lpdniy\">Description de produit<\/h2>\n<div class=\"mxd-fragment-description-text\">\n<h1>HUD-Y ACE recembre LED arri\u00e8re pour les cyclistes<\/h1>\n<p>L&rsquo;Ace Hud-y est le compagnon id\u00e9al de la ville. Il repr\u00e9sente une attitude urbaine envers la vie et est un v\u00e9ritable capteur dans chaque ville. La LED arri\u00e8re rechargeable populaire des mod\u00e8les HUD-Y prot\u00e8ge les cyclistes dans la circulation urbaine souvent peu claire. Avec quatre positions lumineuses, la bande lumineuse USB magn\u00e9tique retournable devient une aide lumineuse sur la route.<\/p>\n<ul>\n<li>Visor en verre int\u00e9gr\u00e9<\/li>\n<li>Accessoire \u00e0 la mode avec de belles cr\u00e9ations de couleurs<\/li>\n<li>\u00c9l\u00e9gant et prot\u00e9g\u00e9 sur le v\u00e9lo<\/li>\n<\/ul>\n<p>L&rsquo;Ace Hud-y est une LED arri\u00e8re rechargeable sp\u00e9cialement con\u00e7ue pour les cyclistes de la ville. Il offre une visi\u00e8re en verre int\u00e9gr\u00e9e pour une protection et une s\u00e9curit\u00e9 suppl\u00e9mentaires. Avec son accessoire \u00e0 la mode avec de belles cr\u00e9ations de couleurs, l&rsquo;as Hud-y est un v\u00e9ritable capteur d&rsquo;oeil sur le v\u00e9lo.<\/p>\n<p>L&rsquo;Ace Hud-y est id\u00e9al pour les cyclistes qui veulent se distinguer dans la ville et veulent rester en s\u00e9curit\u00e9 en m\u00eame temps. Il offre une protection dans le trafic urbain souvent peu clair et garantit que les cyclistes sont clairement visibles pour les autres usagers de la route.<\/p>\n<p>L&rsquo;Ace Hud-y convient \u00e0 tous les cyclistes qui parcourent r\u00e9guli\u00e8rement la ville. Il peut \u00eatre utilis\u00e9 pour les voyages quotidiens pour travailler, faire du shopping ou simplement pour les balades \u00e0 v\u00e9lo r\u00e9cr\u00e9ative dans la ville.L&rsquo;utilisation de l&rsquo;as Hud-y est facile. Fixez la LED arri\u00e8re rechargeable \u00e0 l&rsquo;arri\u00e8re du v\u00e9lo \u00e0 l&rsquo;aide de la bande lumineuse USB de revenus magn\u00e9tiques. Allumez la LED et choisissez parmi les quatre positions lumineuses disponibles pour cr\u00e9er la visibilit\u00e9 souhait\u00e9e.<\/p>\n<p>Qu&rsquo;y a-t-il dans la bo\u00eete: HUD-Y ACE RECHARGAGE LED-LED, MAGN\u00c9TIBLE PROMOTIBLE USB LIGHT.<\/p>\n<\/div>\n<div class=\"mxd-product-detail-layout-info\"><\/div>","protected":false},"excerpt":{"rendered":"<p>Le Casque v\u00e9lo ABUS Hud-Y ACE en velours noir est propos\u00e9 en taille M, adapt\u00e9e aux tours de t\u00eate de 52 \u00e0 58 cm.<\/p>","protected":false},"featured_media":4738,"comment_status":"open","ping_status":"closed","template":"","meta":[],"product_brand":[263],"product_cat":[284],"product_tag":[],"class_list":["post-4737","product","type-product","status-publish","has-post-thumbnail","product_brand-abus","product_cat-casques-velo","first","instock","shipping-taxable","purchasable","product-type-simple"],"yoast_head":"<!-- This site is optimized with the Yoast SEO plugin v28.1 - https:\/\/yoast.com\/product\/yoast-seo-wordpress\/ -->\n<title>Casque v\u00e9lo Abus Hud-Y ACE velours noir M 52-58 cm - zenodistribution.com<\/title>\n<meta name=\"description\" content=\"Casque v\u00e9lo ABUS Hud-Y ACE velours noir, taille M 52-58 cm. Un casque \u00e9l\u00e9gant et confortable pour vos d\u00e9placements \u00e0 v\u00e9lo.\" \/>\n<meta name=\"robots\" content=\"index, follow, max-snippet:-1, max-image-preview:large, max-video-preview:-1\" \/>\n<link rel=\"canonical\" href=\"https:\/\/zenodistribution.com\/en\/product\/casque-velo-abus-hud-y-ace\/\" \/>\n<meta property=\"og:locale\" content=\"en_US\" \/>\n<meta property=\"og:type\" content=\"article\" \/>\n<meta property=\"og:title\" content=\"Casque v\u00e9lo Abus Hud-Y ACE velours noir M 52-58 cm - zenodistribution.com\" \/>\n<meta property=\"og:description\" content=\"Casque v\u00e9lo ABUS Hud-Y ACE velours noir, taille M 52-58 cm. Un casque \u00e9l\u00e9gant et confortable pour vos d\u00e9placements \u00e0 v\u00e9lo.\" \/>\n<meta property=\"og:url\" content=\"https:\/\/zenodistribution.com\/en\/product\/casque-velo-abus-hud-y-ace\/\" \/>\n<meta property=\"og:site_name\" content=\"zenodistribution.com\" \/>\n<meta property=\"og:image\" content=\"http:\/\/zenodistribution.com\/wp-content\/uploads\/2026\/08\/origin-80.webp\" \/>\n\t<meta property=\"og:image:width\" content=\"424\" \/>\n\t<meta property=\"og:image:height\" content=\"424\" \/>\n\t<meta property=\"og:image:type\" content=\"image\/webp\" \/>\n<meta name=\"twitter:card\" content=\"summary_large_image\" \/>\n<meta name=\"twitter:label1\" content=\"Est. reading time\" \/>\n\t<meta name=\"twitter:data1\" content=\"2 minutes\" \/>\n<script type=\"application\/ld+json\" class=\"yoast-schema-graph\">{\"@context\":\"https:\\\/\\\/schema.org\",\"@graph\":[{\"@type\":\"WebPage\",\"@id\":\"https:\\\/\\\/zenodistribution.com\\\/produit\\\/casque-velo-abus-hud-y-ace\\\/\",\"url\":\"https:\\\/\\\/zenodistribution.com\\\/produit\\\/casque-velo-abus-hud-y-ace\\\/\",\"name\":\"Casque v\u00e9lo Abus Hud-Y ACE velours noir M 52-58 cm - zenodistribution.com\",\"isPartOf\":{\"@id\":\"https:\\\/\\\/zenodistribution.com\\\/#website\"},\"primaryImageOfPage\":{\"@id\":\"https:\\\/\\\/zenodistribution.com\\\/produit\\\/casque-velo-abus-hud-y-ace\\\/#primaryimage\"},\"image\":{\"@id\":\"https:\\\/\\\/zenodistribution.com\\\/produit\\\/casque-velo-abus-hud-y-ace\\\/#primaryimage\"},\"thumbnailUrl\":\"https:\\\/\\\/zenodistribution.com\\\/wp-content\\\/uploads\\\/2026\\\/08\\\/origin-80.webp\",\"datePublished\":\"2026-08-22T10:41:22+00:00\",\"description\":\"Casque v\u00e9lo ABUS Hud-Y ACE velours noir, taille M 52-58 cm. Un casque \u00e9l\u00e9gant et confortable pour vos d\u00e9placements \u00e0 v\u00e9lo.\",\"breadcrumb\":{\"@id\":\"https:\\\/\\\/zenodistribution.com\\\/produit\\\/casque-velo-abus-hud-y-ace\\\/#breadcrumb\"},\"inLanguage\":\"en-US\",\"potentialAction\":[{\"@type\":\"ReadAction\",\"target\":[\"https:\\\/\\\/zenodistribution.com\\\/produit\\\/casque-velo-abus-hud-y-ace\\\/\"]}]},{\"@type\":\"ImageObject\",\"inLanguage\":\"en-US\",\"@id\":\"https:\\\/\\\/zenodistribution.com\\\/produit\\\/casque-velo-abus-hud-y-ace\\\/#primaryimage\",\"url\":\"https:\\\/\\\/zenodistribution.com\\\/wp-content\\\/uploads\\\/2026\\\/08\\\/origin-80.webp\",\"contentUrl\":\"https:\\\/\\\/zenodistribution.com\\\/wp-content\\\/uploads\\\/2026\\\/08\\\/origin-80.webp\",\"width\":424,\"height\":424,\"caption\":\"Casque v\u00e9lo Abus Hud-Y ACE velours noir M 52-58 cm\"},{\"@type\":\"BreadcrumbList\",\"@id\":\"https:\\\/\\\/zenodistribution.com\\\/produit\\\/casque-velo-abus-hud-y-ace\\\/#breadcrumb\",\"itemListElement\":[{\"@type\":\"ListItem\",\"position\":1,\"name\":\"Accueil\",\"item\":\"https:\\\/\\\/zenodistribution.com\\\/\"},{\"@type\":\"ListItem\",\"position\":2,\"name\":\"Notre Boutique\",\"item\":\"https:\\\/\\\/zenodistribution.com\\\/notre-boutique\\\/\"},{\"@type\":\"ListItem\",\"position\":3,\"name\":\"Casque v\u00e9lo Abus Hud-Y ACE velours noir M 52-58 cm\"}]},{\"@type\":\"WebSite\",\"@id\":\"https:\\\/\\\/zenodistribution.com\\\/#website\",\"url\":\"https:\\\/\\\/zenodistribution.com\\\/\",\"name\":\"zenodistribution.com\",\"description\":\"Achetez votre climatiseur chez Zeno Distribution : climatiseurs muraux, r\u00e9versibles et performants aux meilleurs prix.\",\"publisher\":{\"@id\":\"https:\\\/\\\/zenodistribution.com\\\/#organization\"},\"potentialAction\":[{\"@type\":\"SearchAction\",\"target\":{\"@type\":\"EntryPoint\",\"urlTemplate\":\"https:\\\/\\\/zenodistribution.com\\\/?s={search_term_string}\"},\"query-input\":{\"@type\":\"PropertyValueSpecification\",\"valueRequired\":true,\"valueName\":\"search_term_string\"}}],\"inLanguage\":\"en-US\"},{\"@type\":\"Organization\",\"@id\":\"https:\\\/\\\/zenodistribution.com\\\/#organization\",\"name\":\"zenodistribution.com\",\"url\":\"https:\\\/\\\/zenodistribution.com\\\/\",\"logo\":{\"@type\":\"ImageObject\",\"inLanguage\":\"en-US\",\"@id\":\"https:\\\/\\\/zenodistribution.com\\\/#\\\/schema\\\/logo\\\/image\\\/\",\"url\":\"https:\\\/\\\/zenodistribution.com\\\/wp-content\\\/uploads\\\/2026\\\/07\\\/logozen.png\",\"contentUrl\":\"https:\\\/\\\/zenodistribution.com\\\/wp-content\\\/uploads\\\/2026\\\/07\\\/logozen.png\",\"width\":1231,\"height\":397,\"caption\":\"zenodistribution.com\"},\"image\":{\"@id\":\"https:\\\/\\\/zenodistribution.com\\\/#\\\/schema\\\/logo\\\/image\\\/\"}}]}<\/script>\n<!-- \/ Yoast SEO plugin. -->","yoast_head_json":{"title":"Casque v\u00e9lo Abus Hud-Y ACE velours noir M 52-58 cm - zenodistribution.com","description":"Casque v\u00e9lo ABUS Hud-Y ACE velours noir, taille M 52-58 cm. Un casque \u00e9l\u00e9gant et confortable pour vos d\u00e9placements \u00e0 v\u00e9lo.","robots":{"index":"index","follow":"follow","max-snippet":"max-snippet:-1","max-image-preview":"max-image-preview:large","max-video-preview":"max-video-preview:-1"},"canonical":"https:\/\/zenodistribution.com\/en\/product\/casque-velo-abus-hud-y-ace\/","og_locale":"en_US","og_type":"article","og_title":"Casque v\u00e9lo Abus Hud-Y ACE velours noir M 52-58 cm - zenodistribution.com","og_description":"Casque v\u00e9lo ABUS Hud-Y ACE velours noir, taille M 52-58 cm. Un casque \u00e9l\u00e9gant et confortable pour vos d\u00e9placements \u00e0 v\u00e9lo.","og_url":"https:\/\/zenodistribution.com\/en\/product\/casque-velo-abus-hud-y-ace\/","og_site_name":"zenodistribution.com","og_image":[{"width":424,"height":424,"url":"http:\/\/zenodistribution.com\/wp-content\/uploads\/2026\/08\/origin-80.webp","type":"image\/webp"}],"twitter_card":"summary_large_image","twitter_misc":{"Est. reading time":"2 minutes"},"schema":{"@context":"https:\/\/schema.org","@graph":[{"@type":"WebPage","@id":"https:\/\/zenodistribution.com\/produit\/casque-velo-abus-hud-y-ace\/","url":"https:\/\/zenodistribution.com\/produit\/casque-velo-abus-hud-y-ace\/","name":"Casque v\u00e9lo Abus Hud-Y ACE velours noir M 52-58 cm - zenodistribution.com","isPartOf":{"@id":"https:\/\/zenodistribution.com\/#website"},"primaryImageOfPage":{"@id":"https:\/\/zenodistribution.com\/produit\/casque-velo-abus-hud-y-ace\/#primaryimage"},"image":{"@id":"https:\/\/zenodistribution.com\/produit\/casque-velo-abus-hud-y-ace\/#primaryimage"},"thumbnailUrl":"https:\/\/zenodistribution.com\/wp-content\/uploads\/2026\/08\/origin-80.webp","datePublished":"2026-08-22T10:41:22+00:00","description":"Casque v\u00e9lo ABUS Hud-Y ACE velours noir, taille M 52-58 cm. Un casque \u00e9l\u00e9gant et confortable pour vos d\u00e9placements \u00e0 v\u00e9lo.","breadcrumb":{"@id":"https:\/\/zenodistribution.com\/produit\/casque-velo-abus-hud-y-ace\/#breadcrumb"},"inLanguage":"en-US","potentialAction":[{"@type":"ReadAction","target":["https:\/\/zenodistribution.com\/produit\/casque-velo-abus-hud-y-ace\/"]}]},{"@type":"ImageObject","inLanguage":"en-US","@id":"https:\/\/zenodistribution.com\/produit\/casque-velo-abus-hud-y-ace\/#primaryimage","url":"https:\/\/zenodistribution.com\/wp-content\/uploads\/2026\/08\/origin-80.webp","contentUrl":"https:\/\/zenodistribution.com\/wp-content\/uploads\/2026\/08\/origin-80.webp","width":424,"height":424,"caption":"Casque v\u00e9lo Abus Hud-Y ACE velours noir M 52-58 cm"},{"@type":"BreadcrumbList","@id":"https:\/\/zenodistribution.com\/produit\/casque-velo-abus-hud-y-ace\/#breadcrumb","itemListElement":[{"@type":"ListItem","position":1,"name":"Accueil","item":"https:\/\/zenodistribution.com\/"},{"@type":"ListItem","position":2,"name":"Notre Boutique","item":"https:\/\/zenodistribution.com\/notre-boutique\/"},{"@type":"ListItem","position":3,"name":"Casque v\u00e9lo Abus Hud-Y ACE velours noir M 52-58 cm"}]},{"@type":"WebSite","@id":"https:\/\/zenodistribution.com\/#website","url":"https:\/\/zenodistribution.com\/","name":"zenodistribution.com","description":"Achetez votre climatiseur chez Zeno Distribution : climatiseurs muraux, r\u00e9versibles et performants aux meilleurs prix.","publisher":{"@id":"https:\/\/zenodistribution.com\/#organization"},"potentialAction":[{"@type":"SearchAction","target":{"@type":"EntryPoint","urlTemplate":"https:\/\/zenodistribution.com\/?s={search_term_string}"},"query-input":{"@type":"PropertyValueSpecification","valueRequired":true,"valueName":"search_term_string"}}],"inLanguage":"en-US"},{"@type":"Organization","@id":"https:\/\/zenodistribution.com\/#organization","name":"zenodistribution.com","url":"https:\/\/zenodistribution.com\/","logo":{"@type":"ImageObject","inLanguage":"en-US","@id":"https:\/\/zenodistribution.com\/#\/schema\/logo\/image\/","url":"https:\/\/zenodistribution.com\/wp-content\/uploads\/2026\/07\/logozen.png","contentUrl":"https:\/\/zenodistribution.com\/wp-content\/uploads\/2026\/07\/logozen.png","width":1231,"height":397,"caption":"zenodistribution.com"},"image":{"@id":"https:\/\/zenodistribution.com\/#\/schema\/logo\/image\/"}}]}},"_links":{"self":[{"href":"https:\/\/zenodistribution.com\/en\/wp-json\/wp\/v2\/product\/4737","targetHints":{"allow":["GET"]}}],"collection":[{"href":"https:\/\/zenodistribution.com\/en\/wp-json\/wp\/v2\/product"}],"about":[{"href":"https:\/\/zenodistribution.com\/en\/wp-json\/wp\/v2\/types\/product"}],"replies":[{"embeddable":true,"href":"https:\/\/zenodistribution.com\/en\/wp-json\/wp\/v2\/comments?post=4737"}],"wp:featuredmedia":[{"embeddable":true,"href":"https:\/\/zenodistribution.com\/en\/wp-json\/wp\/v2\/media\/4738"}],"wp:attachment":[{"href":"https:\/\/zenodistribution.com\/en\/wp-json\/wp\/v2\/media?parent=4737"}],"wp:term":[{"taxonomy":"product_brand","embeddable":true,"href":"https:\/\/zenodistribution.com\/en\/wp-json\/wp\/v2\/product_brand?post=4737"},{"taxonomy":"product_cat","embeddable":true,"href":"https:\/\/zenodistribution.com\/en\/wp-json\/wp\/v2\/product_cat?post=4737"},{"taxonomy":"product_tag","embeddable":true,"href":"https:\/\/zenodistribution.com\/en\/wp-json\/wp\/v2\/product_tag?post=4737"}],"curies":[{"name":"wp","href":"https:\/\/api.w.org\/{rel}","templated":true}]}}